{"id":2493,"date":"2017-05-12T15:39:24","date_gmt":"2017-05-12T13:39:24","guid":{"rendered":"https:\/\/orchard-house.ca\/dev\/motricite\/"},"modified":"2022-03-24T15:46:30","modified_gmt":"2022-03-24T14:46:30","slug":"motricite","status":"publish","type":"page","link":"https:\/\/orchard-house.ca\/fr\/programmes\/les-ateliers-de-lapres-midi\/motricite\/","title":{"rendered":"Motricit\u00e9"},"content":{"rendered":"<div class=\"wpb-content-wrapper\"><p>[vc_row css_animation=\u00a0\u00bb\u00a0\u00bb row_type=\u00a0\u00bbrow\u00a0\u00bb use_row_as_full_screen_section=\u00a0\u00bbno\u00a0\u00bb type=\u00a0\u00bbfull_width\u00a0\u00bb angled_section=\u00a0\u00bbno\u00a0\u00bb text_align=\u00a0\u00bbleft\u00a0\u00bb background_image_as_pattern=\u00a0\u00bbwithout_pattern\u00a0\u00bb][vc_column]<div class=\"templatera_shortcode\"><div      class=\"vc_row wpb_row section vc_row-fluid  padding160 vc_custom_1496004112556 grid_section\" style=' text-align:left;'><div class=\" section_inner clearfix\"><div class='section_inner_margin clearfix'><div class=\"intro-text wpb_column vc_column_container vc_col-sm-12\"><div class=\"vc_column-inner\"><div class=\"wpb_wrapper\">\n\t<div class=\"wpb_text_column wpb_content_element  white-text\">\n\t\t<div class=\"wpb_wrapper\">\n\t\t\t<h2 style=\"text-align: center;\">Ateliers de l'apr\u00e8s-midi<\/h2>\n\n\t\t<\/div> \n\t<\/div> \n\t<div class=\"wpb_text_column wpb_content_element  white-text\">\n\t\t<div class=\"wpb_wrapper\">\n\t\t\t<p style=\"text-align: center;\">Notre programme enrichi de l\u2019apr\u00e8s-midi compl\u00e8te les objectifs de notre programme du matin en offrant une vari\u00e9t\u00e9 d\u2019activit\u00e9s parascolaires parmi lesquelles les enfants peuvent choisir. Ces activit\u00e9s sont directement li\u00e9es aux apprentissages que fait votre enfant dans la classe Montessori et lui permettent de pratiquer toutes les habilet\u00e9s pr\u00e9sent\u00e9es de fa\u00e7on individuelle dans un environnement authentique et social. C\u2019est durant ces activit\u00e9s de l\u2019apr\u00e8s-midi que les enfants apprennent \u00e0 s\u2019adapter au rythme d\u2019un groupe.<\/p>\n<p style=\"text-align: center;\">Notre programme de l\u2019apr\u00e8s-midi propose une grande vari\u00e9t\u00e9 d\u2019activit\u00e9s en alternance qui permettent \u00e0 votre enfant d\u2019explorer de nouvelles habilet\u00e9s et de d\u00e9couvrir de nouvelles passions. Les diverses activit\u00e9s offertes par des sp\u00e9cialistes d\u2019Orchard House et d\u2019ailleurs visent le d\u00e9veloppement de l\u2019enfant dans sa globalit\u00e9, et portent une attention particuli\u00e8re sur l'\u00e9quilibre, la perspective, la merveille, la d\u00e9couverte, et l'imagination.<\/p>\n<p style=\"text-align: center;\">Cliquez ci-dessous pour d\u00e9couvrir quelques-unes des exp\u00e9riences d'apprentissage auxquelles votre enfant participera.<span style=\"color: #ffffff;\"><br \/>\n<\/span><\/p>\n\n\t\t<\/div> \n\t<\/div> <\/div><\/div><\/div><\/div><\/div><\/div><div      class=\"vc_row wpb_row section vc_row-fluid  grid_section\" style=' text-align:left;'><div class=\" section_inner clearfix\"><div class='section_inner_margin clearfix'><div class=\"wpb_column vc_column_container vc_col-sm-12\"><div class=\"vc_column-inner\"><div class=\"wpb_wrapper\">\t<div class=\"vc_empty_space\"  style=\"height: 70px\" ><span\n\t\t\tclass=\"vc_empty_space_inner\">\n\t\t\t<span class=\"empty_space_image\"  ><\/span>\n\t\t<\/span><\/div>\n\n\n\t<div class=\"wpb_video_widget wpb_content_element vc_clearfix   vc_video-aspect-ratio-169 vc_video-el-width-100 vc_video-align-left\" >\n\t\t<div class=\"wpb_wrapper\">\n\t\t\t\n\t\t\t<div class=\"wpb_video_wrapper\"><iframe loading=\"lazy\" title=\"OH afternoon activites\" src=\"https:\/\/player.vimeo.com\/video\/194674939?dnt=1&amp;app_id=122963\" width=\"500\" height=\"281\" frameborder=\"0\" allow=\"autoplay; fullscreen; picture-in-picture; clipboard-write\"><\/iframe><\/div>\n\t\t<\/div>\n\t<\/div>\n\t<div class=\"vc_empty_space\"  style=\"height: 70px\" ><span\n\t\t\tclass=\"vc_empty_space_inner\">\n\t\t\t<span class=\"empty_space_image\"  ><\/span>\n\t\t<\/span><\/div>\n\n<\/div><\/div><\/div><\/div><\/div><\/div><\/div>[\/vc_column][\/vc_row][vc_row css_animation=\u00a0\u00bb\u00a0\u00bb row_type=\u00a0\u00bbrow\u00a0\u00bb use_row_as_full_screen_section=\u00a0\u00bbno\u00a0\u00bb type=\u00a0\u00bbfull_width\u00a0\u00bb angled_section=\u00a0\u00bbno\u00a0\u00bb text_align=\u00a0\u00bbleft\u00a0\u00bb background_image_as_pattern=\u00a0\u00bbwithout_pattern\u00a0\u00bb css=\u00a0\u00bb.vc_custom_1494597360126{margin-bottom: 0px !important;padding-top: 40px !important;padding-bottom: 40px !important;background-image: url(https:\/\/orchard-house.ca\/wp-content\/uploads\/2017\/04\/bacBlue.png?id=109) !important;}\u00a0\u00bb el_id=\u00a0\u00bbbody\u00a0\u00bb][vc_column][vc_empty_space height=\u00a0\u00bb20px\u00a0\u00bb][vc_column_text css=\u00a0\u00bb.vc_custom_1593176270970{padding-bottom: 30px !important;}\u00a0\u00bb]<\/p>\n<h2 style=\"text-align: center;\"><span style=\"color: #ffffff;\">Ateliers de l&rsquo;apr\u00e8s-midi<\/span><\/h2>\n<h4 style=\"text-align: center;\"><span style=\"color: #ffffff;\">Cliquez pour en savoir plus&#8230;<\/span><\/h4>\n<p>[\/vc_column_text][vc_row_inner row_type=\u00a0\u00bbrow\u00a0\u00bb type=\u00a0\u00bbgrid\u00a0\u00bb text_align=\u00a0\u00bbleft\u00a0\u00bb css_animation=\u00a0\u00bb\u00a0\u00bb][vc_column_inner width=\u00a0\u00bb1\/3&Prime;][vc_column_text el_class=\u00a0\u00bbpacifico bigsizefr\u00a0\u00bb]<\/p>\n<h3 style=\"text-align: center;\"><span style=\"color: #d4e8de;\"><a style=\"color: #d4e8de;\" href=\"https:\/\/orchard-house.ca\/fr\/programmes\/les-ateliers-de-lapres-midi\/#soul\">Cr\u00e9ativ\u00e9<\/a><\/span><\/h3>\n<p>[\/vc_column_text][vc_empty_space height=\u00a0\u00bb40px\u00a0\u00bb][\/vc_column_inner][vc_column_inner el_class=\u00a0\u00bbblocPlus\u00a0\u00bb width=\u00a0\u00bb1\/3&Prime;][vc_column_text el_class=\u00a0\u00bbpacifico bottomborder\u00a0\u00bb]<\/p>\n<h3 style=\"text-align: center;\"><span style=\"color: #ffffff;\">Motricit\u00e9<\/span><\/h3>\n<p>[\/vc_column_text][vc_empty_space height=\u00a0\u00bb40px\u00a0\u00bb][\/vc_column_inner][vc_column_inner width=\u00a0\u00bb1\/3&Prime;][vc_column_text el_class=\u00a0\u00bbpacifico\u00a0\u00bb]<\/p>\n<h3 style=\"text-align: center;\"><span style=\"color: #d4e8de;\"><a style=\"color: #d4e8de;\" href=\"https:\/\/orchard-house.ca\/fr\/programmes\/les-ateliers-de-lapres-midi\/pensee\/#mind\"><span style=\"color: #;\">Pens\u00e9e<\/span><\/a><\/span><\/h3>\n<p>[\/vc_column_text][vc_empty_space height=\u00a0\u00bb40px\u00a0\u00bb][\/vc_column_inner][\/vc_row_inner][\/vc_column][\/vc_row][vc_row css_animation=\u00a0\u00bb\u00a0\u00bb row_type=\u00a0\u00bbrow\u00a0\u00bb use_row_as_full_screen_section=\u00a0\u00bbno\u00a0\u00bb type=\u00a0\u00bbfull_width\u00a0\u00bb angled_section=\u00a0\u00bbno\u00a0\u00bb text_align=\u00a0\u00bbleft\u00a0\u00bb background_image_as_pattern=\u00a0\u00bbwithout_pattern\u00a0\u00bb][vc_column][vc_empty_space height=\u00a0\u00bb60px\u00a0\u00bb][vc_column_text]<\/p>\n<h2 style=\"text-align: center;\">Motricit\u00e9<\/h2>\n<p>[\/vc_column_text][vc_empty_space height=\u00a0\u00bb40px\u00a0\u00bb][vc_row_inner row_type=\u00a0\u00bbrow\u00a0\u00bb type=\u00a0\u00bbgrid\u00a0\u00bb text_align=\u00a0\u00bbleft\u00a0\u00bb css_animation=\u00a0\u00bb\u00a0\u00bb][vc_column_inner offset=\u00a0\u00bbvc_col-lg-6 vc_col-md-6 vc_col-xs-12&Prime;][vc_column_text]<\/p>\n<h3>Danse et d\u00e9couverte<\/h3>\n<p>Ce cours se concentre sur la motricit\u00e9 globale g\u00e9n\u00e9rale des enfants tout en les encourageant \u00e0 prendre conscience de leur corps en isolant des mouvements corporels sp\u00e9cifiques. Ils apprendront les mouvements de danse tels que le pas glissant, les rotations d\u2019\u00e9paule et la pirouette, ainsi que les routines de danse de base qui offrent un excellent d\u00e9part pour une chor\u00e9graphie ult\u00e9rieure.<\/p>\n<h3>Danse libre<\/h3>\n<p>Dans cette classe dynamique, les enfants explorent la danse avec une vari\u00e9t\u00e9 de genres musicaux. Ils construisent un r\u00e9pertoire de mouvements de danse et d\u00e9couvrent les danses traditionnelles du monde entier. En suivant les mouvements de l\u2019enseignante, nos jeunes danseurs assemblent progressivement une s\u00e9rie de mouvements et construisent en collaboration de courtes chor\u00e9graphies qu&rsquo;ils pr\u00e9senteront fi\u00e8rement aux parents et aux invit\u00e9s.<\/p>\n<h3>Les petits ma\u00eetres de Taekwondo<\/h3>\n<p>Anim\u00e9 par Ma\u00eetre Benjamin, ce programme de taekwondo travaille la forme physique, la discipline mentale, la concentration, le respect et la confiance en soi des enfants. Le programme vise \u00e0 construire une base solide dans les comp\u00e9tences martiales et constitue une excellente introduction \u00e0 tout futur programme d&rsquo;arts martiaux.<\/p>\n<h3>Tsuyosa Karate&#x2122;<\/h3>\n<p>Sensei Meghan de Tsuyosa Karate apporte ses connaissances et sa sagesse pour enseigner \u00e0 nos petits ninjas les principes et techniques de base des arts martiaux, ainsi que l\u2019art de la m\u00e9ditation. Cette classe de karat\u00e9 renforce la confiance en soi, d\u00e9veloppe le respect, augmente la discipline mentale et favorise les capacit\u00e9s \u00e0 diriger.<\/p>\n<h3>Generation Fitness&#x2122;<\/h3>\n<p>Cette activit\u00e9 est offerte par une sp\u00e9cialiste de G\u00e9n\u00e9ration Fitness qui cr\u00e9e des parcours d\u2019obstacles stimulants pour que les enfants explorent diff\u00e9rents domaines de la gymnastique telle que la culbute, l\u2019\u00e9quilibre, le saut et la roue. Gr\u00e2ce \u00e0 ces exercices, les enfants am\u00e9liorent l\u2019\u00e9quilibre g\u00e9n\u00e9ral, la coordination, la force et la patience. Quelle belle fa\u00e7on de se r\u00e9veiller et de se revigorer apr\u00e8s une sieste apaisante !<\/p>\n<h3>Kidnasium&#x2122;<\/h3>\n<p>La reine du Kidnasium&#x2122; Kim Snabl apporte son expertise \u00e0 Orchard House ! Ce programme de gymnastique avec l&rsquo;\u00e9quipement de gym Kidnasium et la musique, cible la force, la flexibilit\u00e9, l&rsquo;\u00e9quilibre et le rythme des enfants. Chaque cours comprend une routine de danse, de cardio et d&rsquo;\u00e9tirements, aidant \u00e0 d\u00e9velopper \u00e0 la fois les habilet\u00e9s motrices et le tonus musculaire.[\/vc_column_text][\/vc_column_inner][vc_column_inner offset=\u00a0\u00bbvc_col-lg-6 vc_col-md-6 vc_col-xs-12&Prime;][vc_column_text]<\/p>\n<h3>Apprentis gymnastes<\/h3>\n<p>Dans ce cours de pr\u00e9paration \u00e0 la gymnastique, nos petits pratiquent une vari\u00e9t\u00e9 d&rsquo;exercices sur tapis de sol tels que le tumbling, l&rsquo;\u00e9quilibre, le saut et le roulement. Ils sont encourag\u00e9s \u00e0 suivre des parcours d&rsquo;obstacles, \u00e0 travailler des habilet\u00e9s gymniques sp\u00e9cifiques et \u00e0 suivre des pi\u00e8ces rythmiques. Chaque classe favorise la motricit\u00e9 globale et fournit aux enfants les outils n\u00e9cessaires pour renforcer leur mouvement et leur flexibilit\u00e9.<\/p>\n<h3>Parkour pour petits<\/h3>\n<p>Nos jeunes \u00ab traceurs \u00bb entreprendront une formation d\u2019agilit\u00e9 dans une classe qui int\u00e8gre des habilet\u00e9s de conditionnement dans des jeux et des activit\u00e9s physiques cr\u00e9atives. Les enfants seront encourag\u00e9s \u00e0 utiliser la strat\u00e9gie, l\u2019habilet\u00e9 et la vitesse tout en sautant, grimpant, roulant et courant pour se rendre d\u2019un point du parcours d\u2019obstacles \u00e0 un autre.<\/p>\n<h3>Mini sport<\/h3>\n<p>Nos enfants d&rsquo;\u00e2ge pr\u00e9scolaire s&rsquo;entra\u00eenent \u00e0 lancer, attraper, donner des coups de pied et tremper une vari\u00e9t\u00e9 de ballons petits, gros, mous et m\u00eame de plage\u00a0! Cette activit\u00e9 comprend des accessoires tels que des parachutes, des quilles et des paniers pour soutenir ces habilet\u00e9s motrices globales g\u00e9n\u00e9rales.<\/p>\n<h3>Multi Sports<\/h3>\n<p>Les enfants participant \u00e0 des jeux athl\u00e9tiques \u00e0 l\u2019int\u00e9rieur comme \u00e0 l\u2019ext\u00e9rieur. Ils sont encourag\u00e9s \u00e0 d\u00e9montrer un esprit d\u2019\u00e9quipe et \u00e0 d\u00e9velopper un esprit sportif.<\/p>\n<p>Gr\u00e2ce \u00e0 des activit\u00e9s guid\u00e9es, les enfants d\u00e9veloppent de grands muscles (course), le renforcement du bas du corps (coups de pied, sautillements, sauts) et la coordination \u0153il-main (attraper et lancer).<\/p>\n<h3>Sportball&#x2122;<\/h3>\n<p>Les entra\u00eeneurs certifi\u00e9s Sportball proposent un enseignement sportif non comp\u00e9titif pour les enfants \u00e2g\u00e9s de deux \u00e0 cinq ans. Les enfants sont initi\u00e9s \u00e0 huit sports populaires, soit le soccer, le hockey, le basketball, le volleyball, le tennis, le golf et le football, par l\u2019entremise de m\u00e9thodes cr\u00e9atives et un encouragement positif. Le programme vise le d\u00e9veloppement de la motricit\u00e9 globale, l\u2019\u00e9quilibre, la force, la coordination, la r\u00e9sistance et le moment d\u2019ex\u00e9cution. L\u2019\u00e9quipement utilis\u00e9 est adapt\u00e9 au groupe d\u2019\u00e2ge et \u00e0 la taille de nos enfants pr\u00e9scolaires.[\/vc_column_text][vc_video link=\u00a0\u00bbhttps:\/\/vimeo.com\/215273107&Prime; css=\u00a0\u00bb.vc_custom_1648133189167{margin-top: 32px !important;margin-bottom: 32px !important;}\u00a0\u00bb][\/vc_column_inner][\/vc_row_inner][\/vc_column][\/vc_row][vc_row css_animation=\u00a0\u00bb\u00a0\u00bb row_type=\u00a0\u00bbrow\u00a0\u00bb use_row_as_full_screen_section=\u00a0\u00bbno\u00a0\u00bb type=\u00a0\u00bbfull_width\u00a0\u00bb angled_section=\u00a0\u00bbno\u00a0\u00bb text_align=\u00a0\u00bbcenter\u00a0\u00bb background_image_as_pattern=\u00a0\u00bbwithout_pattern\u00a0\u00bb][vc_column][vc_empty_space height=\u00a0\u00bb20px\u00a0\u00bb][vc_gallery type=\u00a0\u00bbimage_grid\u00a0\u00bb images=\u00a0\u00bb1200,1202,1203,1206,1207,1208,1209,1211,1212,1213,1215,1216,1217,1218,1219,1220,1222,1223,1224,1225,1226,1227,1228,1229,1230,1231,1232,1233,1234,1235,1237,1239&Prime; img_size=\u00a0\u00bbmedium\u00a0\u00bb column_number=\u00a0\u00bb4&Prime; grayscale=\u00a0\u00bbno\u00a0\u00bb images_space=\u00a0\u00bbgallery_without_space\u00a0\u00bb][\/vc_column][\/vc_row][vc_row css_animation=\u00a0\u00bb\u00a0\u00bb row_type=\u00a0\u00bbrow\u00a0\u00bb use_row_as_full_screen_section=\u00a0\u00bbno\u00a0\u00bb type=\u00a0\u00bbfull_width\u00a0\u00bb angled_section=\u00a0\u00bbno\u00a0\u00bb text_align=\u00a0\u00bbleft\u00a0\u00bb background_image_as_pattern=\u00a0\u00bbwithout_pattern\u00a0\u00bb css=\u00a0\u00bb.vc_custom_1497635188685{margin-bottom: 0px !important;padding-top: 40px !important;padding-bottom: 40px !important;background-image: url(https:\/\/orchard-house.ca\/wp-content\/uploads\/2017\/04\/bacBlue.png?id=109) !important;}\u00a0\u00bb][vc_column][vc_empty_space height=\u00a0\u00bb20px\u00a0\u00bb][vc_column_text css=\u00a0\u00bb.vc_custom_1500922537669{padding-bottom: 30px !important;}\u00a0\u00bb]<\/p>\n<h2 style=\"text-align: center;\"><span style=\"color: #ffffff;\">Ateliers de l&rsquo;apr\u00e8s-midi<\/span><\/h2>\n<h4 style=\"text-align: center;\"><span style=\"color: #ffffff;\">Cliquez pour en savoir plus<\/span><\/h4>\n<p>[\/vc_column_text][vc_row_inner row_type=\u00a0\u00bbrow\u00a0\u00bb type=\u00a0\u00bbgrid\u00a0\u00bb text_align=\u00a0\u00bbleft\u00a0\u00bb css_animation=\u00a0\u00bb\u00a0\u00bb][vc_column_inner width=\u00a0\u00bb1\/3&Prime;][vc_column_text el_class=\u00a0\u00bbpacifico bigsizefr\u00a0\u00bb]<\/p>\n<h3 style=\"text-align: center;\"><span style=\"color: #d4e8de;\"><a style=\"color: #d4e8de;\" href=\"https:\/\/orchard-house.ca\/fr\/programmes\/les-ateliers-de-lapres-midi\/#soul\">Cr\u00e9ativit\u00e9<\/a><\/span><\/h3>\n<p>[\/vc_column_text][vc_empty_space height=\u00a0\u00bb40px\u00a0\u00bb][\/vc_column_inner][vc_column_inner el_class=\u00a0\u00bbblocPlus\u00a0\u00bb width=\u00a0\u00bb1\/3&Prime;][vc_column_text el_class=\u00a0\u00bbpacifico bigsizefr bottomborder\u00a0\u00bb]<\/p>\n<h3 style=\"text-align: center;\"><span style=\"color: #fff;\"><a style=\"color: #fff;\" href=\"https:\/\/orchard-house.ca\/fr\/programmes\/les-ateliers-de-lapres-midi\/motricite\/#body\">Motricit\u00e9<\/a><\/span><\/h3>\n<p>[\/vc_column_text][vc_empty_space height=\u00a0\u00bb40px\u00a0\u00bb][\/vc_column_inner][vc_column_inner width=\u00a0\u00bb1\/3&Prime;][vc_column_text el_class=\u00a0\u00bbpacifico bigsizefr\u00a0\u00bb]<\/p>\n<h3 style=\"text-align: center;\"><span style=\"color: #d4e8de;\"><a style=\"color: #d4e8de;\" href=\"https:\/\/orchard-house.ca\/fr\/programmes\/les-ateliers-de-lapres-midi\/pensee\/#mind\"><span style=\"color: #;\">Pens\u00e9e<\/span><\/a><\/span><\/h3>\n<p>[\/vc_column_text][vc_empty_space height=\u00a0\u00bb40px\u00a0\u00bb][\/vc_column_inner][\/vc_row_inner][vc_empty_space height=\u00a0\u00bb20px\u00a0\u00bb][\/vc_column][\/vc_row]<\/p>\n<\/div>","protected":false},"excerpt":{"rendered":"Ateliers de l'apr\u00e8s-midi Notre programme enrichi de l\u2019apr\u00e8s-midi compl\u00e8te les objectifs de notre programme du matin en offrant une vari\u00e9t\u00e9 d\u2019activit\u00e9s parascolaires parmi...","protected":false},"author":1,"featured_media":0,"parent":2475,"menu_order":0,"comment_status":"closed","ping_status":"closed","template":"full_width.php","meta":{"footnotes":""},"class_list":["post-2493","page","type-page","status-publish","hentry"],"_links":{"self":[{"href":"https:\/\/orchard-house.ca\/fr\/wp-json\/wp\/v2\/pages\/2493","targetHints":{"allow":["GET"]}}],"collection":[{"href":"https:\/\/orchard-house.ca\/fr\/wp-json\/wp\/v2\/pages"}],"about":[{"href":"https:\/\/orchard-house.ca\/fr\/wp-json\/wp\/v2\/types\/page"}],"author":[{"embeddable":true,"href":"https:\/\/orchard-house.ca\/fr\/wp-json\/wp\/v2\/users\/1"}],"replies":[{"embeddable":true,"href":"https:\/\/orchard-house.ca\/fr\/wp-json\/wp\/v2\/comments?post=2493"}],"version-history":[{"count":6,"href":"https:\/\/orchard-house.ca\/fr\/wp-json\/wp\/v2\/pages\/2493\/revisions"}],"predecessor-version":[{"id":3087,"href":"https:\/\/orchard-house.ca\/fr\/wp-json\/wp\/v2\/pages\/2493\/revisions\/3087"}],"up":[{"embeddable":true,"href":"https:\/\/orchard-house.ca\/fr\/wp-json\/wp\/v2\/pages\/2475"}],"wp:attachment":[{"href":"https:\/\/orchard-house.ca\/fr\/wp-json\/wp\/v2\/media?parent=2493"}],"curies":[{"name":"wp","href":"https:\/\/api.w.org\/{rel}","templated":true}]}}